{"id":1197,"date":"2024-06-04T11:49:34","date_gmt":"2024-06-04T11:49:34","guid":{"rendered":"https:\/\/rirss.org\/?page_id=1197"},"modified":"2024-06-04T11:49:56","modified_gmt":"2024-06-04T11:49:56","slug":"da-rirrs","status":"publish","type":"page","link":"https:\/\/rirss.org\/pt-pt\/da-rirrs\/","title":{"rendered":"DA RIRRS"},"content":{"rendered":"<p>[et_pb_section fb_built=&#8221;1&#8243; fullwidth=&#8221;on&#8221; _builder_version=&#8221;4.17.4&#8243; _module_preset=&#8221;default&#8221; global_colors_info=&#8221;{}&#8221;][et_pb_fullwidth_image src=&#8221;https:\/\/rirss.org\/files\/2022\/09\/risrr.png&#8221; title_text=&#8221;risrr&#8221; _builder_version=&#8221;4.17.4&#8243; _module_preset=&#8221;default&#8221; custom_margin=&#8221;||||true|false&#8221; global_colors_info=&#8221;{}&#8221;][\/et_pb_fullwidth_image][\/et_pb_section][et_pb_section fb_built=&#8221;1&#8243; _builder_version=&#8221;4.17.4&#8243; _module_preset=&#8221;default&#8221; global_colors_info=&#8221;{}&#8221;][et_pb_row _builder_version=&#8221;4.17.4&#8243; _module_preset=&#8221;default&#8221; global_colors_info=&#8221;{}&#8221;][et_pb_column type=&#8221;4_4&#8243; _builder_version=&#8221;4.17.4&#8243; _module_preset=&#8221;default&#8221; global_colors_info=&#8221;{}&#8221;][et_pb_text disabled_on=&#8221;on|on|on&#8221; module_id=&#8221;introduccion&#8221; _builder_version=&#8221;4.17.4&#8243; _module_preset=&#8221;default&#8221; header_2_line_height=&#8221;1.5em&#8221; disabled=&#8221;on&#8221; locked=&#8221;off&#8221; global_colors_info=&#8221;{}&#8221;]<\/p>\n<h2 style=\"text-align: justify;\"><b>Introducci\u00f3n<\/b><\/h2>\n<p style=\"text-align: justify;\"><span style=\"font-weight: 400;\">La responsabilidad social en materia de salud se refiere a la mejor manera de satisfacer las necesidades y los retos de salud de los ciudadanos y la sociedad. Se trata de la siguiente tr\u00edada: identificaci\u00f3n de estas necesidades y desaf\u00edos, adaptaci\u00f3n de las misiones de las organizaciones e instituciones para satisfacerlas, y seguimiento para garantizar que las medidas adoptadas tengan el mayor impacto en la salud.<\/span><\/p>\n<p style=\"text-align: justify;\"><span style=\"font-weight: 400;\">En relaci\u00f3n con \u00e9stas, la OMS defini\u00f3 la responsabilidad social de las facultades de medicina y ciencias de la salud en 1995 como <\/span><i><span style=\"font-weight: 400;\">&#8220;la obligaci\u00f3n de orientar la formaci\u00f3n que imparten, la investigaci\u00f3n que realizan y los servicios que prestan, hacia los principales problemas de salud de la comunidad, regi\u00f3n o naci\u00f3n a la que tienen el mandato de servir&#8221;.\u00bb<\/span><\/i><\/p>\n<p style=\"text-align: justify;\"><span style=\"font-weight: 400;\">El Consenso Mundial sobre la Responsabilidad Social hacia las poblaciones propone que una instituci\u00f3n u organizaci\u00f3n socialmente responsable deber\u00eda ser capaz de:<\/span><\/p>\n<ul style=\"text-align: justify;\">\n<li style=\"font-weight: 400;\" aria-level=\"1\"><span style=\"font-weight: 400;\">Responder a las necesidades y desaf\u00edos actuales y futuros de la sociedad<\/span><\/li>\n<li style=\"font-weight: 400;\" aria-level=\"1\"><span style=\"font-weight: 400;\">Reorientar las prioridades de la educaci\u00f3n, la investigaci\u00f3n y los servicios hacia la responsabilidad social<\/span><\/li>\n<li style=\"font-weight: 400;\" aria-level=\"1\"><span style=\"font-weight: 400;\">Fortalecer la asociaci\u00f3n con el gobierno, con otros usuarios basados en un modelo participativo<\/span><\/li>\n<li style=\"font-weight: 400;\" aria-level=\"1\"><span style=\"font-weight: 400;\">Utilizar de la evaluaci\u00f3n y la acreditaci\u00f3n para evaluar el rendimiento y el impacto de los diferentes programas <\/span><\/li>\n<\/ul>\n<p style=\"text-align: justify;\"><span style=\"font-weight: 400;\">La misi\u00f3n de la Red Iberf\u00f3na para la responsabilidad social en salud (RIRSS) es reunir a los profesionales de la salud y a las instituciones acad\u00e9micas en relaci\u00f3n con la formaci\u00f3n de los futuros profesionales para que puedan definir su responsabilidad social. Esta colaboraci\u00f3n ayuda a promover una asociaci\u00f3n entre estos diferentes actores con el objetivo de contribuir a la construcci\u00f3n de un sistema de salud justo, eficiente y sostenible.<\/span><\/p>\n<p style=\"text-align: justify;\">[\/et_pb_text][et_pb_text module_id=&#8221;intro&#8221; _builder_version=&#8221;4.17.4&#8243; _module_preset=&#8221;default&#8221; header_2_line_height=&#8221;1.5em&#8221; global_colors_info=&#8221;{}&#8221;]<\/p>\n<h1 style=\"text-align: center;\"><strong>DA RIRRS<\/strong><\/h1>\n<h2>\u00a0<\/h2>\n<h2 style=\"text-align: justify;\"><b>Introdu\u00e7\u00e3o<\/b><\/h2>\n<p style=\"text-align: justify;\"><span style=\"font-weight: 400;\">A responsabilidade social em sa\u00fade refere-se \u00e0 melhor forma de responder \u00e0s necessidades e desafios de sa\u00fade dos cidad\u00e3os e da sociedade. Pode representar-se pela seguinte tr\u00edade: identifica\u00e7\u00e3o dessas necessidades e desafios, adequa\u00e7\u00e3o das miss\u00f5es das organiza\u00e7\u00f5es e institui\u00e7\u00f5es para atend\u00ea-los, bem como o acompanhamento para garantir que as medidas adotadas tenham o maior impacto na sa\u00fade.<\/span><\/p>\n<p style=\"text-align: justify;\"><span style=\"font-weight: 400;\">Em rela\u00e7\u00e3o a estas, a OMS definiu em 1995 a responsabilidade social das faculdades de medicina e ci\u00eancias da sa\u00fade como &#8220;a obriga\u00e7\u00e3o de orientar a forma\u00e7\u00e3o que ministram, a investiga\u00e7\u00e3o que realizam e os servi\u00e7os que prestam, para os principais problemas de sa\u00fade da comunidade, regi\u00e3o ou na\u00e7\u00e3o aos quais est\u00e3o obrigados a servir.&#8221;<\/span><\/p>\n<p style=\"text-align: justify;\"><span style=\"font-weight: 400;\">O Consenso Mundial de Responsabilidade Social para com as popula\u00e7\u00f5es prop\u00f5e que uma institui\u00e7\u00e3o ou organiza\u00e7\u00e3o socialmente respons\u00e1vel deveria ser capaz de:<\/span><\/p>\n<ul>\n<li style=\"list-style-type: none;\">\n<ul style=\"text-align: justify;\">\n<li style=\"font-weight: 400;\" aria-level=\"1\"><span style=\"font-weight: 400;\">Responder \u00e0s necessidades e desafios atuais e futuros da sociedade;<\/span><\/li>\n<li style=\"font-weight: 400;\" aria-level=\"1\"><span style=\"font-weight: 400;\">Reorientar as prioridades de educa\u00e7\u00e3o, investiga\u00e7\u00e3o e servi\u00e7os para a responsabilidade social;<\/span><\/li>\n<li style=\"font-weight: 400;\" aria-level=\"1\"><span style=\"font-weight: 400;\">Fortalecer a associa\u00e7\u00e3o com o governo, com outros usu\u00e1rios a partir de um modelo participativo;<\/span><\/li>\n<li style=\"font-weight: 400;\" aria-level=\"1\"><span style=\"font-weight: 400;\">Uso de avalia\u00e7\u00e3o e acredita\u00e7\u00e3o para avaliar o desempenho e o impacto de diferentes programas.<\/span><\/li>\n<\/ul>\n<\/li>\n<\/ul>\n<p style=\"text-align: justify;\"><span style=\"font-weight: 400;\">A miss\u00e3o da Rede Iberfona de Responsabilidade Social em Sa\u00fade (RIRSS) \u00e9 aproximar profissionais de sa\u00fade e institui\u00e7\u00f5es acad\u00e9micas no que diz respeito \u00e0 forma\u00e7\u00e3o de futuros profissionais para que possam definir a sua responsabilidade social. Esta colabora\u00e7\u00e3o ajuda a promover uma associa\u00e7\u00e3o entre estes diferentes atores com o objetivo de contribuir para a constru\u00e7\u00e3o de um sistema de sa\u00fade justo, eficiente e sustent\u00e1vel.<\/span><\/p>\n<p style=\"text-align: justify;\">[\/et_pb_text][et_pb_text module_id=&#8221;vis&#8221; _builder_version=&#8221;4.17.4&#8243; _module_preset=&#8221;default&#8221; header_2_line_height=&#8221;1.5em&#8221; global_colors_info=&#8221;{}&#8221;]<\/p>\n<h2 style=\"text-align: justify;\"><b>Vis\u00e3o, Miss\u00e3o e Objetivos<\/b><\/h2>\n<p style=\"text-align: justify;\"><span style=\"font-weight: 400;\">A nossa vis\u00e3o \u00e9 libertar o potencial dos profissionais de sa\u00fade e das institui\u00e7\u00f5es que os formam, criando parcerias s\u00f3lidas com a comunidade para que este trabalho conjunto tenha um impacto real na sa\u00fade e bem-estar dos povos iberofones.<\/span><\/p>\n<h2 style=\"text-align: justify;\"><b>Miss\u00e3o<\/b><\/h2>\n<p style=\"text-align: justify;\"><span style=\"font-weight: 400;\">A responsabilidade social (RS) em mat\u00e9ria de sa\u00fade consiste em analisar as necessidades de sa\u00fade priorit\u00e1rias atuais e futuras da sociedade e responder da forma mais adequada poss\u00edvel a essas necessidades com um esp\u00edrito de qualidade, equidade, pertin\u00eancia e efici\u00eancia dos servi\u00e7os.<\/span><\/p>\n<p>Utilizando uma abordagem sist\u00e9mica para compreender os determinantes da sa\u00fade e actuar sobre eles, ajudando a adaptar as miss\u00f5es de forma\u00e7\u00e3o, investiga\u00e7\u00e3o e de servi\u00e7o das institui\u00e7\u00f5es para alcan\u00e7ar um melhor impacto na sa\u00fade dos cidad\u00e3os e das popula\u00e7\u00f5es, nomeadamente atrav\u00e9s do estabelecimento de parcerias com os principais agentes de sa\u00fade a n\u00edvel local, nacional e internacional.<\/p>\n<h2 style=\"text-align: justify;\"><b>Finalidade <\/b><\/h2>\n<ul>\n<li style=\"list-style-type: none;\">\n<ul style=\"text-align: justify;\">\n<li style=\"font-weight: 400;\" aria-level=\"1\"><span style=\"font-weight: 400;\">Promover a a\u00e7\u00e3o concertada dos principais atores da sa\u00fade, em particular, autoridades de sa\u00fade, organiza\u00e7\u00f5es de sa\u00fade, institui\u00e7\u00f5es acad\u00e9micas, associa\u00e7\u00f5es profissionais e sociedade civil, em torno dos valores da qualidade, equidade, relev\u00e2ncia e efici\u00eancia dos cuidados de sa\u00fade.<\/span><\/li>\n<li style=\"font-weight: 400;\" aria-level=\"1\"><span style=\"font-weight: 400;\">Melhorar a contribui\u00e7\u00e3o dos agentes de sa\u00fade para um sistema de sa\u00fade eficiente, justo e sustent\u00e1vel.<\/span><\/li>\n<li style=\"font-weight: 400;\" aria-level=\"1\"><span style=\"font-weight: 400;\">Contribuir para a transforma\u00e7\u00e3o das institui\u00e7\u00f5es acad\u00e9micas de profissionais de sa\u00fade para uma melhor adapta\u00e7\u00e3o dos respectivos programas de forma\u00e7\u00e3o, investiga\u00e7\u00e3o e servi\u00e7o \u00e0s necessidades e desafios priorit\u00e1rios de sa\u00fade dos cidad\u00e3os e da sociedade.<\/span><\/li>\n<\/ul>\n<\/li>\n<\/ul>\n<h2>\u00a0<\/h2>\n<h2 style=\"text-align: justify;\"><b>Objetivos <\/b><\/h2>\n<h2 style=\"text-align: justify;\"><b>1. Promo\u00e7\u00e3o da responsabilidade social em sa\u00fade <\/b><\/h2>\n<ul>\n<li style=\"list-style-type: none;\">\n<ul style=\"text-align: justify;\">\n<li style=\"font-weight: 400;\" aria-level=\"1\"><span style=\"font-weight: 400;\"> Assegurar a ampla promo\u00e7\u00e3o da responsabilidade social em sa\u00fade entre os respons\u00e1veis ce formula\u00e7\u00e3o de pol\u00edticas, administradores de sa\u00fade, profissionais de sa\u00fade, institui\u00e7\u00f5es acad\u00e9micas e escolas, bem como a sociedade civil, a fim de melhor responder \u00e0s necessidades de sa\u00fade priorit\u00e1rias atuais e futuras das popula\u00e7\u00f5es.<\/span><\/li>\n<li style=\"font-weight: 400;\" aria-level=\"1\"><span style=\"font-weight: 400;\"> Aconselhar institui\u00e7\u00f5es de forma\u00e7\u00e3o sobre governan\u00e7a, investiga\u00e7\u00e3oe presta\u00e7\u00e3o de servi\u00e7os de sa\u00fade socialmente respons\u00e1veis.<\/span><\/li>\n<\/ul>\n<\/li>\n<\/ul>\n<h2 style=\"text-align: justify;\"><b>2. Forma\u00e7\u00e3o <\/b><\/h2>\n<ul>\n<li style=\"list-style-type: none;\">\n<ul style=\"text-align: justify;\">\n<li style=\"font-weight: 400;\" aria-level=\"1\"><span style=\"font-weight: 400;\">Sensibilizar e formar os respons\u00e1veis pelas institui\u00e7\u00f5es acad\u00e9micas (reitores, presidentes de escolas\/faculdades, chefes de departamento, docentes, investigadores) e demais agentes de sa\u00fade nos princ\u00edpios e m\u00e9todos da responsabilidade social em sa\u00fade, bem como nas estrat\u00e9gias para a sua aplica\u00e7\u00e3o no \u00e2mbito da forma\u00e7\u00e3o, investiga\u00e7\u00e3o e presta\u00e7\u00e3o de servi\u00e7os de sa\u00fade.<\/span><\/li>\n<li style=\"font-weight: 400;\" aria-level=\"1\"><span style=\"font-weight: 400;\">Apoiar a reorienta\u00e7\u00e3o ou melhoria dos programas de forma\u00e7\u00e3o, investiga\u00e7\u00e3o e presta\u00e7\u00e3o de servi\u00e7os de sa\u00fade em rela\u00e7\u00e3o aos princ\u00edpios da responsabilidade social.<\/span><\/li>\n<\/ul>\n<\/li>\n<\/ul>\n<h2 style=\"text-align: justify;\"><b>3. Investiga\u00e7\u00e3o<\/b><\/h2>\n<p style=\"text-align: justify;\"><span style=\"font-weight: 400;\">Iniciar e apoiar investiga\u00e7\u00e3o relacionadas com a responsabilidade social em sa\u00fade, identificando quest\u00f5es relevantes e propondo uma abordagem metodol\u00f3gica adequada.<\/span><\/p>\n<p>Realizar atividades de investiga\u00e7\u00e3o campo para desenvolver modelos de presta\u00e7\u00e3o de servi\u00e7os eficazes envolvendo os principais agentes de sa\u00fade, a fim de resolver os problemas de sa\u00fade priorit\u00e1rios de um determinado territ\u00f3rio.<\/p>\n<h2 style=\"text-align: justify;\"><b>4. Avalia\u00e7\u00e3o \u2013 Acredita\u00e7\u00e3o<\/b><\/h2>\n<p style=\"text-align: justify;\"><span style=\"font-weight: 400;\">Propor \u00e0s institui\u00e7\u00f5es interessadas instrumentos para medir a responsabilidade social em sa\u00fade, em particular por meio de indicadores de processo, resultado e impacto em sa\u00fade em seus programas de forma\u00e7\u00e3o, investiga\u00e7\u00e3o e servi\u00e7o.<\/span><\/p>\n<p>Promover a n\u00edvel ibero-americano a harmoniza\u00e7\u00e3o das normas e processos de acredita\u00e7\u00e3o das escolas m\u00e9dicas e outras escolas de profissionais de sa\u00fade, permitindo incluir o conceito de responsabilidade social em sa\u00fade, tendo em conta a especificidade do contexto da institui\u00e7\u00e3o.<\/p>\n<h2 style=\"text-align: justify;\"><b>5. Interc\u00e2mbio<\/b><\/h2>\n<p style=\"text-align: justify;\"><span style=\"font-weight: 400;\">Praticar uma estrat\u00e9gia ativa de interc\u00e2mbio e colabora\u00e7\u00e3o entre os membros da RIRSS por um lado e, por outro, com organiza\u00e7\u00f5es nacionais e internacionais interessadas nos mesmos objetivos da Rede.<br \/><\/span><\/p>\n<h2 style=\"text-align: justify;\"><b>6. Associa\u00e7\u00f5es<\/b><\/h2>\n<p style=\"text-align: justify;\"><span style=\"font-weight: 400;\">Desenvolver associa\u00e7\u00f5es entre os principais agentes de sa\u00fade a n\u00edvel local, regional e nacional, nomeadamente num determinado territ\u00f3rio, para a ado\u00e7\u00e3o de medidas eficazes dirigidas a um problema de sa\u00fade priorit\u00e1rio, atrav\u00e9s de uma distribui\u00e7\u00e3o \u00f3ptima das fun\u00e7\u00f5es e obriga\u00e7\u00f5es de cada um.<br \/><\/span><\/p>\n<p>[\/et_pb_text][et_pb_text module_id=&#8221;nuestra&#8221; _builder_version=&#8221;4.17.4&#8243; _module_preset=&#8221;default&#8221; header_2_line_height=&#8221;1.5em&#8221; global_colors_info=&#8221;{}&#8221;]<\/p>\n<h2>\u00a0<\/h2>\n<h2 style=\"text-align: justify;\"><strong>Nossa hist\u00f3ria<\/strong><b><\/b><\/h2>\n<p style=\"text-align: justify;\"><b>A cria\u00e7\u00e3o da REDE <\/b><\/p>\n<p style=\"text-align: justify;\"><span style=\"font-weight: 400;\">A Universidade Miguel Hern\u00e1ndez de Elche (Espanha) assumiu a cria\u00e7\u00e3o e desenvolvimento da Rede Iberfona de Responsabilidade Social em Sa\u00fade (RIRSS) em agosto de 2022 sob os ausp\u00edcios da Rede Internacional Franc\u00f3fona de Responsabilidade Social em Sa\u00fade. Para o efeito, foi realizado um semin\u00e1rio pela Comiss\u00e3o Curricular da Licenciatura em Medicina e aprovado pelo Decano de Medicina e pelo Reitor da Universidade. O principal objetivo desta Rede \u00e9 promover e desenvolver a Responsabilidade Social em Sa\u00fade atrav\u00e9s das faculdades e institui\u00e7\u00f5es de sa\u00fade dos pa\u00edses hispano-portugueses.<\/span><\/p>\n<p style=\"text-align: justify;\"><b> Porqu\u00ea uma Rede Iberfona RS em sa\u00fade? <\/b><\/p>\n<p style=\"text-align: justify;\"><span style=\"font-weight: 400;\">Redefinir o conceito de RS para adapt\u00e1-lo \u00e0s necessidades espec\u00edficas de nossas respectivas sociedades e culturas \u00e9 um desafio ao qual nos comprometemos a responder de forma conjunta e respons\u00e1vel.<\/span><\/p>\n<p>Para isso, precisamos promover uma rede baseada na hist\u00f3ria comum e na nossa maneira de ver o mundo, certamente diferente da vis\u00e3o anglo-sax\u00f4nica mais difundida, e tamb\u00e9m promover l\u00ednguas t\u00e3o ricas como o espanhol e o portugu\u00eas.<\/p>\n<p>[\/et_pb_text][et_pb_text module_id=&#8221;organiza&#8221; _builder_version=&#8221;4.17.4&#8243; _module_preset=&#8221;default&#8221; header_2_line_height=&#8221;1.5em&#8221; global_colors_info=&#8221;{}&#8221;]<\/p>\n<h2 style=\"text-align: justify;\"><b>Organiza\u00e7\u00e3o e Gest\u00e3o<\/b><\/h2>\n<p style=\"text-align: justify;\">\u00a0<span style=\"font-weight: 400;\">Esta se\u00e7\u00e3o ser\u00e1 desenvolvida nos pr\u00f3ximos meses com base na ades\u00e3o de membros, faculdades de ci\u00eancias da sa\u00fade e parcerias em sa\u00fade de diferentes pa\u00edses. <\/span><\/p>\n<p style=\"text-align: justify;\">\u00a0<span style=\"font-weight: 400;\">EInicialmente, a organiza\u00e7\u00e3o e gest\u00e3o ser\u00e3o realizadas pela Faculdade de Medicina da Universidade Miguel Hern\u00e1ndez (Espanha) em colabora\u00e7\u00e3o com a Escola de Sa\u00fade do Polit\u00e9cnico do Porto (Portugal), at\u00e9 \u00e0 implementa\u00e7\u00e3o de um organigrama da organiza\u00e7\u00e3o e de gest\u00e3o, bem como dos respectivos estatutos.<br \/>\n\u00a0<\/span><\/p>\n<p>[\/et_pb_text][\/et_pb_column][\/et_pb_row][\/et_pb_section][et_pb_section fb_built=&#8221;1&#8243; disabled_on=&#8221;on|on|on&#8221; _builder_version=&#8221;4.17.4&#8243; _module_preset=&#8221;default&#8221; disabled=&#8221;on&#8221; global_colors_info=&#8221;{}&#8221;][et_pb_row _builder_version=&#8221;4.17.4&#8243; _module_preset=&#8221;default&#8221; global_colors_info=&#8221;{}&#8221;][et_pb_column type=&#8221;4_4&#8243; _builder_version=&#8221;4.17.4&#8243; _module_preset=&#8221;default&#8221; global_colors_info=&#8221;{}&#8221;][et_pb_text module_id=&#8221;introduccion&#8221; _builder_version=&#8221;4.17.4&#8243; _module_preset=&#8221;default&#8221; header_2_line_height=&#8221;1.5em&#8221; global_colors_info=&#8221;{}&#8221;]<\/p>\n<h2 style=\"text-align: justify;\"><b>Introducci\u00f3n<\/b><\/h2>\n<p style=\"text-align: justify;\"><span style=\"font-weight: 400;\">La responsabilidad social en materia de salud se refiere a la mejor manera de satisfacer las necesidades y los retos de salud de los ciudadanos y la sociedad. Se trata de la siguiente tr\u00edada: identificaci\u00f3n de estas necesidades y desaf\u00edos, adaptaci\u00f3n de las misiones de las organizaciones e instituciones para satisfacerlas, y seguimiento para garantizar que las medidas adoptadas tengan el mayor impacto en la salud.<\/span><\/p>\n<p style=\"text-align: justify;\"><span style=\"font-weight: 400;\">En relaci\u00f3n con \u00e9stas, la OMS defini\u00f3 la responsabilidad social de las facultades de medicina y ciencias de la salud en 1995 como <\/span><i><span style=\"font-weight: 400;\">&#8220;la obligaci\u00f3n de orientar la formaci\u00f3n que imparten, la investigaci\u00f3n que realizan y los servicios que prestan, hacia los principales problemas de salud de la comunidad, regi\u00f3n o naci\u00f3n a la que tienen el mandato de servir&#8221;.\u00bb<\/span><\/i><\/p>\n<p style=\"text-align: justify;\"><span style=\"font-weight: 400;\">El Consenso Mundial sobre la Responsabilidad Social hacia las poblaciones propone que una instituci\u00f3n u organizaci\u00f3n socialmente responsable deber\u00eda ser capaz de:<\/span><\/p>\n<ul style=\"text-align: justify;\">\n<li style=\"font-weight: 400;\" aria-level=\"1\"><span style=\"font-weight: 400;\">Responder a las necesidades y desaf\u00edos actuales y futuros de la sociedad<\/span><\/li>\n<li style=\"font-weight: 400;\" aria-level=\"1\"><span style=\"font-weight: 400;\">Reorientar las prioridades de la educaci\u00f3n, la investigaci\u00f3n y los servicios hacia la responsabilidad social<\/span><\/li>\n<li style=\"font-weight: 400;\" aria-level=\"1\"><span style=\"font-weight: 400;\">Fortalecer la asociaci\u00f3n con el gobierno, con otros usuarios basados en un modelo participativo<\/span><\/li>\n<li style=\"font-weight: 400;\" aria-level=\"1\"><span style=\"font-weight: 400;\">Utilizar de la evaluaci\u00f3n y la acreditaci\u00f3n para evaluar el rendimiento y el impacto de los diferentes programas\u00a0<\/span><\/li>\n<\/ul>\n<p style=\"text-align: justify;\"><span style=\"font-weight: 400;\">La misi\u00f3n de la Red Iberoamericana para la responsabilidad social en salud es reunir a los profesionales de la salud y a las instituciones acad\u00e9micas en relaci\u00f3n con la formaci\u00f3n de los futuros profesionales para que puedan definir su responsabilidad social. Esta colaboraci\u00f3n ayuda a promover una asociaci\u00f3n entre estos diferentes actores con el objetivo de contribuir a la construcci\u00f3n de un sistema de salud justo, eficiente y sostenible.<\/span><\/p>\n<p style=\"text-align: justify;\">[\/et_pb_text][et_pb_text module_id=&#8221;vision&#8221; _builder_version=&#8221;4.17.4&#8243; _module_preset=&#8221;default&#8221; header_2_line_height=&#8221;1.5em&#8221; global_colors_info=&#8221;{}&#8221;]<\/p>\n<h2 style=\"text-align: justify;\"><b>Visi\u00f3n<\/b><\/h2>\n<p style=\"text-align: justify;\"><span style=\"font-weight: 400;\">Nuestra visi\u00f3n es liberar el potencial de los profesionales de la salud y de las instituciones que los forman para que su trabajo tenga un real impacto en la salud y en el bienestar de los pueblos iberoamericanos.\u00a0<\/span><span style=\"font-weight: 400;\"><\/span><\/p>\n<p>[\/et_pb_text][et_pb_text module_id=&#8221;nuestrahistoria&#8221; _builder_version=&#8221;4.17.4&#8243; _module_preset=&#8221;default&#8221; header_2_line_height=&#8221;1.5em&#8221; global_colors_info=&#8221;{}&#8221;]<\/p>\n<h2 style=\"text-align: justify;\"><strong>Nuestra historia<\/strong><b><\/b><\/h2>\n<p style=\"text-align: justify;\"><b>Misi\u00f3n<\/b><\/p>\n<p style=\"text-align: justify;\"><span style=\"font-weight: 400;\">La responsabilidad social (RS) en materia de salud consiste en analizar las necesidades prioritarias de salud actuales y futuras de la sociedad y en responder lo m\u00e1s adecuadamente posible a esas necesidades con un esp\u00edritu de calidad, equidad, pertinencia y eficiencia de los servicios.<\/span><\/p>\n<p style=\"text-align: justify;\"><span style=\"font-weight: 400;\">Utilizando un enfoque sist\u00e9mico para comprender los factores determinantes de la salud y actuar sobre ellos, y ayuda a adaptar en consecuencia las misiones de capacitaci\u00f3n, investigaci\u00f3n y servicio de las instituciones para lograr un mejor impacto en la salud de los ciudadanos y las poblaciones, en particular estableciendo asociaciones con los principales agentes de la salud a nivel local, nacional e internacional.<\/span><\/p>\n<p style=\"text-align: justify;\"><b>Finalidad\u00a0<\/b><\/p>\n<ul style=\"text-align: justify;\">\n<li style=\"font-weight: 400;\" aria-level=\"1\"><span style=\"font-weight: 400;\">Promover la acci\u00f3n concertada de los principales actores de la salud, en particular, las autoridades sanitarias, las organizaciones de atenci\u00f3n de la salud, las instituciones acad\u00e9micas, las asociaciones profesionales y la sociedad civil, en torno a los valores de calidad, equidad, pertinencia y eficiencia de la atenci\u00f3n de la salud.<\/span><\/li>\n<li style=\"font-weight: 400;\" aria-level=\"1\"><span style=\"font-weight: 400;\">Mejorar la contribuci\u00f3n de los agentes sanitarios a un sistema de salud eficiente, justo y sostenible.<\/span><\/li>\n<li style=\"font-weight: 400;\" aria-level=\"1\"><span style=\"font-weight: 400;\">Contribuir a la transformaci\u00f3n de las instituciones acad\u00e9micas de los profesionales de la salud para una mejor adaptaci\u00f3n de sus respectivos programas de formaci\u00f3n, investigaci\u00f3n y servicios a las necesidades y retos sanitarios prioritarios de los ciudadanos y la sociedad.<\/span><\/li>\n<\/ul>\n<p style=\"text-align: justify;\"><b>Objetivos<\/b><\/p>\n<ol style=\"text-align: justify;\">\n<li><b> Promoci\u00f3n de la Responsabilidad social en salud\u00a0<\/b><\/li>\n<\/ol>\n<ul style=\"text-align: justify;\">\n<li style=\"font-weight: 400;\" aria-level=\"1\"><span style=\"font-weight: 400;\">Garantizar una amplia promoci\u00f3n de la responsabilidad social en materia de salud entre los encargados de formular pol\u00edticas, los administradores de la salud, los profesionales de la salud, las instituciones acad\u00e9micas y las escuelas, as\u00ed como la sociedad civil, a fin de responder mejor a las necesidades sanitarias prioritarias actuales y futuras de las poblaciones.<\/span><\/li>\n<li style=\"font-weight: 400;\" aria-level=\"1\"><span style=\"font-weight: 400;\">Asesorar a las instituciones de formaci\u00f3n sobre la gobernanza, la investigaci\u00f3n y la prestaci\u00f3n de servicios de atenci\u00f3n de la salud socialmente responsables\u00a0<\/span><\/li>\n<\/ul>\n<ol start=\"2\" style=\"text-align: justify;\">\n<li><b> Formaci\u00f3n\u00a0<\/b><\/li>\n<\/ol>\n<ul style=\"text-align: justify;\">\n<li style=\"font-weight: 400;\" aria-level=\"1\"><span style=\"font-weight: 400;\">Sensibilizar y capacitar a los responsables de las instituciones acad\u00e9micas (rectores, decanos, jefes de departamento, profesores, investigadores) y otros agentes de la salud en los principios y m\u00e9todos de responsabilidad social en materia de salud, as\u00ed como en las estrategias para su aplicaci\u00f3n concreta en el \u00e1mbito de la formaci\u00f3n, la investigaci\u00f3n y la prestaci\u00f3n de servicios de salud.<\/span><\/li>\n<li style=\"font-weight: 400;\" aria-level=\"1\"><span style=\"font-weight: 400;\">Apoyar la reorientaci\u00f3n o el mejoramiento de los programas de formaci\u00f3n, investigaci\u00f3n y prestaci\u00f3n de servicios de salud en relaci\u00f3n con los principios de responsabilidad social.<\/span><\/li>\n<\/ul>\n<ol start=\"3\" style=\"text-align: justify;\">\n<li><b> Investigaci\u00f3n<\/b><\/li>\n<\/ol>\n<p style=\"text-align: justify;\"><span style=\"font-weight: 400;\">Iniciar y apoyar las investigaciones relacionadas con la responsabilidad social en materia de salud identificando los temas pertinentes y proponiendo un enfoque metodol\u00f3gico apropiado.<\/span><\/p>\n<p style=\"text-align: justify;\"><span style=\"font-weight: 400;\">Realizar actividades de investigaci\u00f3n sobre el terreno para elaborar modelos eficaces de prestaci\u00f3n de servicios en los que participen los principales agentes de la salud a fin de resolver los problemas sanitarios prioritarios de un territorio determinado.<\/span><\/p>\n<ol start=\"4\" style=\"text-align: justify;\">\n<li><b> Evaluaci\u00f3n \u2013 Acreditaci\u00f3n<\/b><\/li>\n<\/ol>\n<p style=\"text-align: justify;\"><span style=\"font-weight: 400;\">Proponer a las instituciones interesadas instrumentos para medir la responsabilidad social en materia de salud, en particular mediante indicadores de proceso, resultado e impacto en la salud en sus programas de capacitaci\u00f3n, investigaci\u00f3n y servicios.<\/span><\/p>\n<p style=\"text-align: justify;\"><span style=\"font-weight: 400;\">Promover a nivel Iberoamericano la armonizaci\u00f3n de las normas y los procesos de acreditaci\u00f3n de las facultades de medicina y otras escuelas de profesionales de la salud, permitiendo que se incluya el concepto de responsabilidad social en materia de salud, teniendo en cuenta al mismo tiempo la especificidad del contexto de la instituci\u00f3n.<\/span><\/p>\n<ol start=\"5\" style=\"text-align: justify;\">\n<li><b> Intercambios<\/b><\/li>\n<\/ol>\n<p style=\"text-align: justify;\">\u00a0<span style=\"font-weight: 400;\">Practicar una estrategia activa de intercambio y colaboraci\u00f3n entre los miembros de la RIRSS por una parte y, por otra, con las organizaciones nacionales e internacionales interesadas en los mismos objetivos de la Red.<\/span><\/p>\n<ol start=\"6\" style=\"text-align: justify;\">\n<li><b> Asociaciones<\/b><\/li>\n<\/ol>\n<p style=\"text-align: justify;\"><span style=\"font-weight: 400;\">Desarrollar asociaciones entre los principales agentes sanitarios a nivel local, regional y nacional, en particular en un territorio determinado, para la adopci\u00f3n de medidas eficaces dirigidas a un problema sanitario prioritario, mediante una distribuci\u00f3n \u00f3ptima de las funciones y obligaciones de cada uno.<\/span><\/p>\n<p style=\"text-align: justify;\"><span style=\"color: #e02b20;\"><b>La creaci\u00f3n de la RED (Antonio, cambiar y completar, ejemplo)<\/b><\/span><\/p>\n<p style=\"text-align: justify;\">\u00a0<span style=\"font-weight: 400; color: #0c71c3;\">Tomando como referencia la Red Internacional Franc\u00f3fona para la Responsabilidad Social en Salud, la Facultad de Medicina de la Universidad Miguel Hern\u00e1ndez, creo la puesta en marcha de esta Red Iberoamericana en agosto 2022, tras un seminario sobre RS en salud realizado en junio 2022 y con el acuerdo de los representantes de la Comisi\u00f3n curricular de la facultad de medicina y decanato, as\u00ed como, del equipo rectoral de la UMH, asumieron el reto de promover y desarrollar la Responsabilidad Social en Salud a trav\u00e9s de la colaboraci\u00f3n con los pa\u00edses hispano-lusos.\u00a0<\/span><\/p>\n<p style=\"text-align: justify;\"><b>\u00a0<\/b><span style=\"color: #e02b20;\"><b>\u00bfPor qu\u00e9 una Red de RS Iberoamericana en salud? A\u00f1adir Antonio<\/b><\/span><\/p>\n<p style=\"text-align: justify;\">\u00a0<span style=\"font-size: 14px;\">En primer lugar, porque nos une, no solamente unas lenguas como el espa\u00f1ol y el portugu\u00e9s, sino tambi\u00e9n porque tenemos una historia com\u00fan y una visi\u00f3n del mundo un tanto diferente.\u00a0<\/span><\/p>\n<p style=\"text-align: justify;\"><span style=\"font-weight: 400;\">Redefinir el concepto de RS para adaptarlo a las necesidades espec\u00edficas de nuestras respectivas sociedades y culturas, es un reto al cual tenemos el compromiso de responder de manera conjunta y responsable.<\/span><span style=\"font-weight: 400;\"><\/span><\/p>\n<p>[\/et_pb_text][et_pb_text module_id=&#8221;organizacionygestion&#8221; _builder_version=&#8221;4.17.4&#8243; _module_preset=&#8221;default&#8221; header_2_line_height=&#8221;1.5em&#8221; global_colors_info=&#8221;{}&#8221;]<\/p>\n<h2 style=\"text-align: justify;\"><b>Organizaci\u00f3n y Gesti\u00f3n\u00a0\u00a0\u00a0<\/b><\/h2>\n<p style=\"text-align: justify;\">\u00a0<span style=\"font-weight: 400;\">Esta secci\u00f3n se ir\u00e1 desarrollando a lo largo de los pr\u00f3ximos meses en funci\u00f3n de la adhesi\u00f3n de miembros, de facultades de ciencias de la salud, y partenariados de salud de los diferentes pa\u00edses.\u00a0<\/span><\/p>\n<p style=\"text-align: justify;\">\u00a0<span style=\"font-weight: 400;\">En un principio la organizaci\u00f3n y gesti\u00f3n ser\u00e1 llevada a cabo por la facultad de medicina de la Universidad Miguel Hern\u00e1ndez (Espa\u00f1a) hasta que se pueda implementar un organigrama de organizaci\u00f3n y gesti\u00f3n, as\u00ed como los correspondientes estatutos.\u00a0<\/span><\/p>\n<p>[\/et_pb_text][\/et_pb_column][\/et_pb_row][\/et_pb_section]<\/p>\n","protected":false},"excerpt":{"rendered":"<p>Introducci\u00f3n La responsabilidad social en materia de salud se refiere a la mejor manera de satisfacer las necesidades y los retos de salud de los ciudadanos y la sociedad. Se trata de la siguiente tr\u00edada: identificaci\u00f3n de estas necesidades y desaf\u00edos, adaptaci\u00f3n de las misiones de las organizaciones e instituciones para satisfacerlas, y seguimiento para [&hellip;]<\/p>\n","protected":false},"author":3782,"featured_media":0,"parent":0,"menu_order":0,"comment_status":"closed","ping_status":"open","template":"","meta":{"_et_pb_use_builder":"on","_et_pb_old_content":"[et_pb_section fb_built=\"1\" fullwidth=\"on\" _builder_version=\"4.17.4\" _module_preset=\"default\" global_colors_info=\"{}\"][et_pb_fullwidth_image src=\"https:\/\/rirss.org\/files\/2022\/09\/risrr.png\" title_text=\"risrr\" _builder_version=\"4.17.4\" _module_preset=\"default\" custom_margin=\"||||true|false\" hover_enabled=\"0\" global_colors_info=\"{}\" sticky_enabled=\"0\"][\/et_pb_fullwidth_image][\/et_pb_section][et_pb_section fb_built=\"1\" _builder_version=\"4.17.4\" _module_preset=\"default\" global_colors_info=\"{}\"][et_pb_row _builder_version=\"4.17.4\" _module_preset=\"default\" global_colors_info=\"{}\"][et_pb_column type=\"4_4\" _builder_version=\"4.17.4\" _module_preset=\"default\" global_colors_info=\"{}\"][et_pb_text disabled_on=\"on|on|on\" module_id=\"introduccion\" _builder_version=\"4.17.4\" _module_preset=\"default\" header_2_line_height=\"1.5em\" disabled=\"on\" locked=\"off\" global_colors_info=\"{}\"]<h2 style=\"text-align: justify;\"><b>Introducci\u00f3n<\/b><\/h2>\r\n<p style=\"text-align: justify;\"><span style=\"font-weight: 400;\">La responsabilidad social en materia de salud se refiere a la mejor manera de satisfacer las necesidades y los retos de salud de los ciudadanos y la sociedad. Se trata de la siguiente tr\u00edada: identificaci\u00f3n de estas necesidades y desaf\u00edos, adaptaci\u00f3n de las misiones de las organizaciones e instituciones para satisfacerlas, y seguimiento para garantizar que las medidas adoptadas tengan el mayor impacto en la salud.<\/span><\/p>\r\n<p style=\"text-align: justify;\"><span style=\"font-weight: 400;\">En relaci\u00f3n con \u00e9stas, la OMS defini\u00f3 la responsabilidad social de las facultades de medicina y ciencias de la salud en 1995 como <\/span><i><span style=\"font-weight: 400;\">\"la obligaci\u00f3n de orientar la formaci\u00f3n que imparten, la investigaci\u00f3n que realizan y los servicios que prestan, hacia los principales problemas de salud de la comunidad, regi\u00f3n o naci\u00f3n a la que tienen el mandato de servir\".\u00bb<\/span><\/i><\/p>\r\n<p style=\"text-align: justify;\"><span style=\"font-weight: 400;\">El Consenso Mundial sobre la Responsabilidad Social hacia las poblaciones propone que una instituci\u00f3n u organizaci\u00f3n socialmente responsable deber\u00eda ser capaz de:<\/span><\/p>\r\n\r\n<ul style=\"text-align: justify;\">\r\n\t<li style=\"font-weight: 400;\" aria-level=\"1\"><span style=\"font-weight: 400;\">Responder a las necesidades y desaf\u00edos actuales y futuros de la sociedad<\/span><\/li>\r\n\t<li style=\"font-weight: 400;\" aria-level=\"1\"><span style=\"font-weight: 400;\">Reorientar las prioridades de la educaci\u00f3n, la investigaci\u00f3n y los servicios hacia la responsabilidad social<\/span><\/li>\r\n\t<li style=\"font-weight: 400;\" aria-level=\"1\"><span style=\"font-weight: 400;\">Fortalecer la asociaci\u00f3n con el gobierno, con otros usuarios basados en un modelo participativo<\/span><\/li>\r\n\t<li style=\"font-weight: 400;\" aria-level=\"1\"><span style=\"font-weight: 400;\">Utilizar de la evaluaci\u00f3n y la acreditaci\u00f3n para evaluar el rendimiento y el impacto de los diferentes programas <\/span><\/li>\r\n<\/ul>\r\n<p style=\"text-align: justify;\"><span style=\"font-weight: 400;\">La misi\u00f3n de la Red Iberf\u00f3na para la responsabilidad social en salud (RIRSS) es reunir a los profesionales de la salud y a las instituciones acad\u00e9micas en relaci\u00f3n con la formaci\u00f3n de los futuros profesionales para que puedan definir su responsabilidad social. Esta colaboraci\u00f3n ayuda a promover una asociaci\u00f3n entre estos diferentes actores con el objetivo de contribuir a la construcci\u00f3n de un sistema de salud justo, eficiente y sostenible.<\/span><\/p>\r\n\r\n<p style=\"text-align: justify;\">[\/et_pb_text][et_pb_text module_id=\"intro\" _builder_version=\"4.17.4\" _module_preset=\"default\" header_2_line_height=\"1.5em\" hover_enabled=\"0\" global_colors_info=\"{}\" sticky_enabled=\"0\"]<h1 style=\"text-align: center;\"><strong>DA RIRRS<\/strong><\/h1>\r\n<h2>\u00a0<\/h2>\r\n<h2 style=\"text-align: justify;\"><b>Introdu\u00e7\u00e3o<\/b><\/h2>\r\n<p style=\"text-align: justify;\"><span style=\"font-weight: 400;\">A responsabilidade social em sa\u00fade refere-se \u00e0 melhor forma de responder \u00e0s necessidades e desafios de sa\u00fade dos cidad\u00e3os e da sociedade. Pode representar-se pela seguinte tr\u00edade: identifica\u00e7\u00e3o dessas necessidades e desafios, adequa\u00e7\u00e3o das miss\u00f5es das organiza\u00e7\u00f5es e institui\u00e7\u00f5es para atend\u00ea-los, bem como o acompanhamento para garantir que as medidas adotadas tenham o maior impacto na sa\u00fade.<\/span><\/p>\r\n<p style=\"text-align: justify;\"><span style=\"font-weight: 400;\">Em rela\u00e7\u00e3o a estas, a OMS definiu em 1995 a responsabilidade social das faculdades de medicina e ci\u00eancias da sa\u00fade como \"a obriga\u00e7\u00e3o de orientar a forma\u00e7\u00e3o que ministram, a investiga\u00e7\u00e3o que realizam e os servi\u00e7os que prestam, para os principais problemas de sa\u00fade da comunidade, regi\u00e3o ou na\u00e7\u00e3o aos quais est\u00e3o obrigados a servir.\"<\/span><\/p>\r\n<p style=\"text-align: justify;\"><span style=\"font-weight: 400;\">O Consenso Mundial de Responsabilidade Social para com as popula\u00e7\u00f5es prop\u00f5e que uma institui\u00e7\u00e3o ou organiza\u00e7\u00e3o socialmente respons\u00e1vel deveria ser capaz de:<\/span><\/p>\r\n<ul>\r\n<li style=\"list-style-type: none;\">\r\n<ul style=\"text-align: justify;\">\r\n<li style=\"font-weight: 400;\" aria-level=\"1\"><span style=\"font-weight: 400;\">Responder \u00e0s necessidades e desafios atuais e futuros da sociedade;<\/span><\/li>\r\n<li style=\"font-weight: 400;\" aria-level=\"1\"><span style=\"font-weight: 400;\">Reorientar as prioridades de educa\u00e7\u00e3o, investiga\u00e7\u00e3o e servi\u00e7os para a responsabilidade social;<\/span><\/li>\r\n<li style=\"font-weight: 400;\" aria-level=\"1\"><span style=\"font-weight: 400;\">Fortalecer a associa\u00e7\u00e3o com o governo, com outros usu\u00e1rios a partir de um modelo participativo;<\/span><\/li>\r\n<li style=\"font-weight: 400;\" aria-level=\"1\"><span style=\"font-weight: 400;\">Uso de avalia\u00e7\u00e3o e acredita\u00e7\u00e3o para avaliar o desempenho e o impacto de diferentes programas.<\/span><\/li>\r\n<\/ul>\r\n<\/li>\r\n<\/ul>\r\n<p style=\"text-align: justify;\"><span style=\"font-weight: 400;\">A miss\u00e3o da Rede Iberfona de Responsabilidade Social em Sa\u00fade (RIRSS) \u00e9 aproximar profissionais de sa\u00fade e institui\u00e7\u00f5es acad\u00e9micas no que diz respeito \u00e0 forma\u00e7\u00e3o de futuros profissionais para que possam definir a sua responsabilidade social. Esta colabora\u00e7\u00e3o ajuda a promover uma associa\u00e7\u00e3o entre estes diferentes atores com o objetivo de contribuir para a constru\u00e7\u00e3o de um sistema de sa\u00fade justo, eficiente e sustent\u00e1vel.<\/span><\/p>\r\n<p style=\"text-align: justify;\">[\/et_pb_text][et_pb_text module_id=\"vis\" _builder_version=\"4.17.4\" _module_preset=\"default\" header_2_line_height=\"1.5em\" global_colors_info=\"{}\"]<h2 style=\"text-align: justify;\"><b>Vis\u00e3o, Miss\u00e3o e Objetivos<\/b><\/h2>\r\n<p style=\"text-align: justify;\"><span style=\"font-weight: 400;\">A nossa vis\u00e3o \u00e9 libertar o potencial dos profissionais de sa\u00fade e das institui\u00e7\u00f5es que os formam, criando parcerias s\u00f3lidas com a comunidade para que este trabalho conjunto tenha um impacto real na sa\u00fade e bem-estar dos povos iberofones.<\/span><\/p>\r\n<h2 style=\"text-align: justify;\"><b>Miss\u00e3o<\/b><\/h2>\r\n<p style=\"text-align: justify;\"><span style=\"font-weight: 400;\">A responsabilidade social (RS) em mat\u00e9ria de sa\u00fade consiste em analisar as necessidades de sa\u00fade priorit\u00e1rias atuais e futuras da sociedade e responder da forma mais adequada poss\u00edvel a essas necessidades com um esp\u00edrito de qualidade, equidade, pertin\u00eancia e efici\u00eancia dos servi\u00e7os.<\/span><\/p>\r\n<p>Utilizando uma abordagem sist\u00e9mica para compreender os determinantes da sa\u00fade e actuar sobre eles, ajudando a adaptar as miss\u00f5es de forma\u00e7\u00e3o, investiga\u00e7\u00e3o e de servi\u00e7o das institui\u00e7\u00f5es para alcan\u00e7ar um melhor impacto na sa\u00fade dos cidad\u00e3os e das popula\u00e7\u00f5es, nomeadamente atrav\u00e9s do estabelecimento de parcerias com os principais agentes de sa\u00fade a n\u00edvel local, nacional e internacional.<\/p>\r\n<h2 style=\"text-align: justify;\"><b>Finalidade <\/b><\/h2>\r\n<ul>\r\n<li style=\"list-style-type: none;\">\r\n<ul style=\"text-align: justify;\">\r\n<li style=\"font-weight: 400;\" aria-level=\"1\"><span style=\"font-weight: 400;\">Promover a a\u00e7\u00e3o concertada dos principais atores da sa\u00fade, em particular, autoridades de sa\u00fade, organiza\u00e7\u00f5es de sa\u00fade, institui\u00e7\u00f5es acad\u00e9micas, associa\u00e7\u00f5es profissionais e sociedade civil, em torno dos valores da qualidade, equidade, relev\u00e2ncia e efici\u00eancia dos cuidados de sa\u00fade.<\/span><\/li>\r\n<li style=\"font-weight: 400;\" aria-level=\"1\"><span style=\"font-weight: 400;\">Melhorar a contribui\u00e7\u00e3o dos agentes de sa\u00fade para um sistema de sa\u00fade eficiente, justo e sustent\u00e1vel.<\/span><\/li>\r\n<li style=\"font-weight: 400;\" aria-level=\"1\"><span style=\"font-weight: 400;\">Contribuir para a transforma\u00e7\u00e3o das institui\u00e7\u00f5es acad\u00e9micas de profissionais de sa\u00fade para uma melhor adapta\u00e7\u00e3o dos respectivos programas de forma\u00e7\u00e3o, investiga\u00e7\u00e3o e servi\u00e7o \u00e0s necessidades e desafios priorit\u00e1rios de sa\u00fade dos cidad\u00e3os e da sociedade.<\/span><\/li>\r\n<\/ul>\r\n<\/li>\r\n<\/ul>\r\n<h2>\u00a0<\/h2>\r\n<h2 style=\"text-align: justify;\"><b>Objetivos <\/b><\/h2>\r\n<h2 style=\"text-align: justify;\"><b>1. Promo\u00e7\u00e3o da responsabilidade social em sa\u00fade <\/b><\/h2>\r\n<ul>\r\n<li style=\"list-style-type: none;\">\r\n<ul style=\"text-align: justify;\">\r\n<li style=\"font-weight: 400;\" aria-level=\"1\"><span style=\"font-weight: 400;\"> Assegurar a ampla promo\u00e7\u00e3o da responsabilidade social em sa\u00fade entre os respons\u00e1veis ce formula\u00e7\u00e3o de pol\u00edticas, administradores de sa\u00fade, profissionais de sa\u00fade, institui\u00e7\u00f5es acad\u00e9micas e escolas, bem como a sociedade civil, a fim de melhor responder \u00e0s necessidades de sa\u00fade priorit\u00e1rias atuais e futuras das popula\u00e7\u00f5es.<\/span><\/li>\r\n<li style=\"font-weight: 400;\" aria-level=\"1\"><span style=\"font-weight: 400;\"> Aconselhar institui\u00e7\u00f5es de forma\u00e7\u00e3o sobre governan\u00e7a, investiga\u00e7\u00e3oe presta\u00e7\u00e3o de servi\u00e7os de sa\u00fade socialmente respons\u00e1veis.<\/span><\/li>\r\n<\/ul>\r\n<\/li>\r\n<\/ul>\r\n<h2 style=\"text-align: justify;\"><b>2. Forma\u00e7\u00e3o <\/b><\/h2>\r\n<ul>\r\n<li style=\"list-style-type: none;\">\r\n<ul style=\"text-align: justify;\">\r\n<li style=\"font-weight: 400;\" aria-level=\"1\"><span style=\"font-weight: 400;\">Sensibilizar e formar os respons\u00e1veis pelas institui\u00e7\u00f5es acad\u00e9micas (reitores, presidentes de escolas\/faculdades, chefes de departamento, docentes, investigadores) e demais agentes de sa\u00fade nos princ\u00edpios e m\u00e9todos da responsabilidade social em sa\u00fade, bem como nas estrat\u00e9gias para a sua aplica\u00e7\u00e3o no \u00e2mbito da forma\u00e7\u00e3o, investiga\u00e7\u00e3o e presta\u00e7\u00e3o de servi\u00e7os de sa\u00fade.<\/span><\/li>\r\n<li style=\"font-weight: 400;\" aria-level=\"1\"><span style=\"font-weight: 400;\">Apoiar a reorienta\u00e7\u00e3o ou melhoria dos programas de forma\u00e7\u00e3o, investiga\u00e7\u00e3o e presta\u00e7\u00e3o de servi\u00e7os de sa\u00fade em rela\u00e7\u00e3o aos princ\u00edpios da responsabilidade social.<\/span><\/li>\r\n<\/ul>\r\n<\/li>\r\n<\/ul>\r\n<h2 style=\"text-align: justify;\"><b>3. Investiga\u00e7\u00e3o<\/b><\/h2>\r\n<p style=\"text-align: justify;\"><span style=\"font-weight: 400;\">Iniciar e apoiar investiga\u00e7\u00e3o relacionadas com a responsabilidade social em sa\u00fade, identificando quest\u00f5es relevantes e propondo uma abordagem metodol\u00f3gica adequada.<\/span><\/p>\r\n<p>Realizar atividades de investiga\u00e7\u00e3o campo para desenvolver modelos de presta\u00e7\u00e3o de servi\u00e7os eficazes envolvendo os principais agentes de sa\u00fade, a fim de resolver os problemas de sa\u00fade priorit\u00e1rios de um determinado territ\u00f3rio.<\/p>\r\n<h2 style=\"text-align: justify;\"><b>4. Avalia\u00e7\u00e3o \u2013 Acredita\u00e7\u00e3o<\/b><\/h2>\r\n<p style=\"text-align: justify;\"><span style=\"font-weight: 400;\">Propor \u00e0s institui\u00e7\u00f5es interessadas instrumentos para medir a responsabilidade social em sa\u00fade, em particular por meio de indicadores de processo, resultado e impacto em sa\u00fade em seus programas de forma\u00e7\u00e3o, investiga\u00e7\u00e3o e servi\u00e7o.<\/span><\/p>\r\n<p>Promover a n\u00edvel ibero-americano a harmoniza\u00e7\u00e3o das normas e processos de acredita\u00e7\u00e3o das escolas m\u00e9dicas e outras escolas de profissionais de sa\u00fade, permitindo incluir o conceito de responsabilidade social em sa\u00fade, tendo em conta a especificidade do contexto da institui\u00e7\u00e3o.<\/p>\r\n<h2 style=\"text-align: justify;\"><b>5. Interc\u00e2mbio<\/b><\/h2>\r\n<p style=\"text-align: justify;\"><span style=\"font-weight: 400;\">Praticar uma estrat\u00e9gia ativa de interc\u00e2mbio e colabora\u00e7\u00e3o entre os membros da RIRSS por um lado e, por outro, com organiza\u00e7\u00f5es nacionais e internacionais interessadas nos mesmos objetivos da Rede.<br \/><\/span><\/p>\r\n<h2 style=\"text-align: justify;\"><b>6. Associa\u00e7\u00f5es<\/b><\/h2>\r\n<p style=\"text-align: justify;\"><span style=\"font-weight: 400;\">Desenvolver associa\u00e7\u00f5es entre os principais agentes de sa\u00fade a n\u00edvel local, regional e nacional, nomeadamente num determinado territ\u00f3rio, para a ado\u00e7\u00e3o de medidas eficazes dirigidas a um problema de sa\u00fade priorit\u00e1rio, atrav\u00e9s de uma distribui\u00e7\u00e3o \u00f3ptima das fun\u00e7\u00f5es e obriga\u00e7\u00f5es de cada um.<br \/><\/span><\/p>[\/et_pb_text][et_pb_text module_id=\"nuestra\" _builder_version=\"4.17.4\" _module_preset=\"default\" header_2_line_height=\"1.5em\" global_colors_info=\"{}\"]<h2>\u00a0<\/h2>\r\n<h2 style=\"text-align: justify;\"><strong>Nossa hist\u00f3ria<\/strong><b><\/b><\/h2>\r\n<p style=\"text-align: justify;\"><b>A cria\u00e7\u00e3o da REDE <\/b><\/p>\r\n<p style=\"text-align: justify;\"><span style=\"font-weight: 400;\">A Universidade Miguel Hern\u00e1ndez de Elche (Espanha) assumiu a cria\u00e7\u00e3o e desenvolvimento da Rede Iberfona de Responsabilidade Social em Sa\u00fade (RIRSS) em agosto de 2022 sob os ausp\u00edcios da Rede Internacional Franc\u00f3fona de Responsabilidade Social em Sa\u00fade. Para o efeito, foi realizado um semin\u00e1rio pela Comiss\u00e3o Curricular da Licenciatura em Medicina e aprovado pelo Decano de Medicina e pelo Reitor da Universidade. O principal objetivo desta Rede \u00e9 promover e desenvolver a Responsabilidade Social em Sa\u00fade atrav\u00e9s das faculdades e institui\u00e7\u00f5es de sa\u00fade dos pa\u00edses hispano-portugueses.<\/span><\/p>\r\n<p style=\"text-align: justify;\"><b> Porqu\u00ea uma Rede Iberfona RS em sa\u00fade? <\/b><\/p>\r\n<p style=\"text-align: justify;\"><span style=\"font-weight: 400;\">Redefinir o conceito de RS para adapt\u00e1-lo \u00e0s necessidades espec\u00edficas de nossas respectivas sociedades e culturas \u00e9 um desafio ao qual nos comprometemos a responder de forma conjunta e respons\u00e1vel.<\/span><\/p>\r\n<p>Para isso, precisamos promover uma rede baseada na hist\u00f3ria comum e na nossa maneira de ver o mundo, certamente diferente da vis\u00e3o anglo-sax\u00f4nica mais difundida, e tamb\u00e9m promover l\u00ednguas t\u00e3o ricas como o espanhol e o portugu\u00eas.<\/p>[\/et_pb_text][et_pb_text module_id=\"organiza\" _builder_version=\"4.17.4\" _module_preset=\"default\" header_2_line_height=\"1.5em\" global_colors_info=\"{}\"]<h2 style=\"text-align: justify;\"><b>Organiza\u00e7\u00e3o e Gest\u00e3o<\/b><\/h2>\r\n<p style=\"text-align: justify;\">\u00a0<span style=\"font-weight: 400;\">Esta se\u00e7\u00e3o ser\u00e1 desenvolvida nos pr\u00f3ximos meses com base na ades\u00e3o de membros, faculdades de ci\u00eancias da sa\u00fade e parcerias em sa\u00fade de diferentes pa\u00edses. <\/span><\/p>\r\n<p style=\"text-align: justify;\">\u00a0<span style=\"font-weight: 400;\">EInicialmente, a organiza\u00e7\u00e3o e gest\u00e3o ser\u00e3o realizadas pela Faculdade de Medicina da Universidade Miguel Hern\u00e1ndez (Espanha) em colabora\u00e7\u00e3o com a Escola de Sa\u00fade do Polit\u00e9cnico do Porto (Portugal), at\u00e9 \u00e0 implementa\u00e7\u00e3o de um organigrama da organiza\u00e7\u00e3o e de gest\u00e3o, bem como dos respectivos estatutos.\r\n\u00a0<\/span><\/p>[\/et_pb_text][\/et_pb_column][\/et_pb_row][\/et_pb_section][et_pb_section fb_built=\"1\" disabled_on=\"on|on|on\" _builder_version=\"4.17.4\" _module_preset=\"default\" disabled=\"on\" global_colors_info=\"{}\"][et_pb_row _builder_version=\"4.17.4\" _module_preset=\"default\" global_colors_info=\"{}\"][et_pb_column type=\"4_4\" _builder_version=\"4.17.4\" _module_preset=\"default\" global_colors_info=\"{}\"][et_pb_text module_id=\"introduccion\" _builder_version=\"4.17.4\" _module_preset=\"default\" header_2_line_height=\"1.5em\" global_colors_info=\"{}\"]<h2 style=\"text-align: justify;\"><b>Introducci\u00f3n<\/b><\/h2>\r\n<p style=\"text-align: justify;\"><span style=\"font-weight: 400;\">La responsabilidad social en materia de salud se refiere a la mejor manera de satisfacer las necesidades y los retos de salud de los ciudadanos y la sociedad. Se trata de la siguiente tr\u00edada: identificaci\u00f3n de estas necesidades y desaf\u00edos, adaptaci\u00f3n de las misiones de las organizaciones e instituciones para satisfacerlas, y seguimiento para garantizar que las medidas adoptadas tengan el mayor impacto en la salud.<\/span><\/p>\r\n<p style=\"text-align: justify;\"><span style=\"font-weight: 400;\">En relaci\u00f3n con \u00e9stas, la OMS defini\u00f3 la responsabilidad social de las facultades de medicina y ciencias de la salud en 1995 como <\/span><i><span style=\"font-weight: 400;\">\"la obligaci\u00f3n de orientar la formaci\u00f3n que imparten, la investigaci\u00f3n que realizan y los servicios que prestan, hacia los principales problemas de salud de la comunidad, regi\u00f3n o naci\u00f3n a la que tienen el mandato de servir\".\u00bb<\/span><\/i><\/p>\r\n<p style=\"text-align: justify;\"><span style=\"font-weight: 400;\">El Consenso Mundial sobre la Responsabilidad Social hacia las poblaciones propone que una instituci\u00f3n u organizaci\u00f3n socialmente responsable deber\u00eda ser capaz de:<\/span><\/p>\r\n<ul style=\"text-align: justify;\">\r\n<li style=\"font-weight: 400;\" aria-level=\"1\"><span style=\"font-weight: 400;\">Responder a las necesidades y desaf\u00edos actuales y futuros de la sociedad<\/span><\/li>\r\n<li style=\"font-weight: 400;\" aria-level=\"1\"><span style=\"font-weight: 400;\">Reorientar las prioridades de la educaci\u00f3n, la investigaci\u00f3n y los servicios hacia la responsabilidad social<\/span><\/li>\r\n<li style=\"font-weight: 400;\" aria-level=\"1\"><span style=\"font-weight: 400;\">Fortalecer la asociaci\u00f3n con el gobierno, con otros usuarios basados en un modelo participativo<\/span><\/li>\r\n<li style=\"font-weight: 400;\" aria-level=\"1\"><span style=\"font-weight: 400;\">Utilizar de la evaluaci\u00f3n y la acreditaci\u00f3n para evaluar el rendimiento y el impacto de los diferentes programas\u00a0<\/span><\/li>\r\n<\/ul>\r\n<p style=\"text-align: justify;\"><span style=\"font-weight: 400;\">La misi\u00f3n de la Red Iberoamericana para la responsabilidad social en salud es reunir a los profesionales de la salud y a las instituciones acad\u00e9micas en relaci\u00f3n con la formaci\u00f3n de los futuros profesionales para que puedan definir su responsabilidad social. Esta colaboraci\u00f3n ayuda a promover una asociaci\u00f3n entre estos diferentes actores con el objetivo de contribuir a la construcci\u00f3n de un sistema de salud justo, eficiente y sostenible.<\/span><\/p>\r\n<p style=\"text-align: justify;\">[\/et_pb_text][et_pb_text module_id=\"vision\" _builder_version=\"4.17.4\" _module_preset=\"default\" header_2_line_height=\"1.5em\" global_colors_info=\"{}\"]<h2 style=\"text-align: justify;\"><b>Visi\u00f3n<\/b><\/h2>\r\n<p style=\"text-align: justify;\"><span style=\"font-weight: 400;\">Nuestra visi\u00f3n es liberar el potencial de los profesionales de la salud y de las instituciones que los forman para que su trabajo tenga un real impacto en la salud y en el bienestar de los pueblos iberoamericanos.\u00a0<\/span><span style=\"font-weight: 400;\"><\/span><\/p>[\/et_pb_text][et_pb_text module_id=\"nuestrahistoria\" _builder_version=\"4.17.4\" _module_preset=\"default\" header_2_line_height=\"1.5em\" global_colors_info=\"{}\"]<h2 style=\"text-align: justify;\"><strong>Nuestra historia<\/strong><b><\/b><\/h2>\r\n<p style=\"text-align: justify;\"><b>Misi\u00f3n<\/b><\/p>\r\n<p style=\"text-align: justify;\"><span style=\"font-weight: 400;\">La responsabilidad social (RS) en materia de salud consiste en analizar las necesidades prioritarias de salud actuales y futuras de la sociedad y en responder lo m\u00e1s adecuadamente posible a esas necesidades con un esp\u00edritu de calidad, equidad, pertinencia y eficiencia de los servicios.<\/span><\/p>\r\n<p style=\"text-align: justify;\"><span style=\"font-weight: 400;\">Utilizando un enfoque sist\u00e9mico para comprender los factores determinantes de la salud y actuar sobre ellos, y ayuda a adaptar en consecuencia las misiones de capacitaci\u00f3n, investigaci\u00f3n y servicio de las instituciones para lograr un mejor impacto en la salud de los ciudadanos y las poblaciones, en particular estableciendo asociaciones con los principales agentes de la salud a nivel local, nacional e internacional.<\/span><\/p>\r\n<p style=\"text-align: justify;\"><b>Finalidad\u00a0<\/b><\/p>\r\n<ul style=\"text-align: justify;\">\r\n<li style=\"font-weight: 400;\" aria-level=\"1\"><span style=\"font-weight: 400;\">Promover la acci\u00f3n concertada de los principales actores de la salud, en particular, las autoridades sanitarias, las organizaciones de atenci\u00f3n de la salud, las instituciones acad\u00e9micas, las asociaciones profesionales y la sociedad civil, en torno a los valores de calidad, equidad, pertinencia y eficiencia de la atenci\u00f3n de la salud.<\/span><\/li>\r\n<li style=\"font-weight: 400;\" aria-level=\"1\"><span style=\"font-weight: 400;\">Mejorar la contribuci\u00f3n de los agentes sanitarios a un sistema de salud eficiente, justo y sostenible.<\/span><\/li>\r\n<li style=\"font-weight: 400;\" aria-level=\"1\"><span style=\"font-weight: 400;\">Contribuir a la transformaci\u00f3n de las instituciones acad\u00e9micas de los profesionales de la salud para una mejor adaptaci\u00f3n de sus respectivos programas de formaci\u00f3n, investigaci\u00f3n y servicios a las necesidades y retos sanitarios prioritarios de los ciudadanos y la sociedad.<\/span><\/li>\r\n<\/ul>\r\n<p style=\"text-align: justify;\"><b>Objetivos<\/b><\/p>\r\n<ol style=\"text-align: justify;\">\r\n<li><b> Promoci\u00f3n de la Responsabilidad social en salud\u00a0<\/b><\/li>\r\n<\/ol>\r\n<ul style=\"text-align: justify;\">\r\n<li style=\"font-weight: 400;\" aria-level=\"1\"><span style=\"font-weight: 400;\">Garantizar una amplia promoci\u00f3n de la responsabilidad social en materia de salud entre los encargados de formular pol\u00edticas, los administradores de la salud, los profesionales de la salud, las instituciones acad\u00e9micas y las escuelas, as\u00ed como la sociedad civil, a fin de responder mejor a las necesidades sanitarias prioritarias actuales y futuras de las poblaciones.<\/span><\/li>\r\n<li style=\"font-weight: 400;\" aria-level=\"1\"><span style=\"font-weight: 400;\">Asesorar a las instituciones de formaci\u00f3n sobre la gobernanza, la investigaci\u00f3n y la prestaci\u00f3n de servicios de atenci\u00f3n de la salud socialmente responsables\u00a0<\/span><\/li>\r\n<\/ul>\r\n<ol start=\"2\" style=\"text-align: justify;\">\r\n<li><b> Formaci\u00f3n\u00a0<\/b><\/li>\r\n<\/ol>\r\n<ul style=\"text-align: justify;\">\r\n<li style=\"font-weight: 400;\" aria-level=\"1\"><span style=\"font-weight: 400;\">Sensibilizar y capacitar a los responsables de las instituciones acad\u00e9micas (rectores, decanos, jefes de departamento, profesores, investigadores) y otros agentes de la salud en los principios y m\u00e9todos de responsabilidad social en materia de salud, as\u00ed como en las estrategias para su aplicaci\u00f3n concreta en el \u00e1mbito de la formaci\u00f3n, la investigaci\u00f3n y la prestaci\u00f3n de servicios de salud.<\/span><\/li>\r\n<li style=\"font-weight: 400;\" aria-level=\"1\"><span style=\"font-weight: 400;\">Apoyar la reorientaci\u00f3n o el mejoramiento de los programas de formaci\u00f3n, investigaci\u00f3n y prestaci\u00f3n de servicios de salud en relaci\u00f3n con los principios de responsabilidad social.<\/span><\/li>\r\n<\/ul>\r\n<ol start=\"3\" style=\"text-align: justify;\">\r\n<li><b> Investigaci\u00f3n<\/b><\/li>\r\n<\/ol>\r\n<p style=\"text-align: justify;\"><span style=\"font-weight: 400;\">Iniciar y apoyar las investigaciones relacionadas con la responsabilidad social en materia de salud identificando los temas pertinentes y proponiendo un enfoque metodol\u00f3gico apropiado.<\/span><\/p>\r\n<p style=\"text-align: justify;\"><span style=\"font-weight: 400;\">Realizar actividades de investigaci\u00f3n sobre el terreno para elaborar modelos eficaces de prestaci\u00f3n de servicios en los que participen los principales agentes de la salud a fin de resolver los problemas sanitarios prioritarios de un territorio determinado.<\/span><\/p>\r\n<ol start=\"4\" style=\"text-align: justify;\">\r\n<li><b> Evaluaci\u00f3n \u2013 Acreditaci\u00f3n<\/b><\/li>\r\n<\/ol>\r\n<p style=\"text-align: justify;\"><span style=\"font-weight: 400;\">Proponer a las instituciones interesadas instrumentos para medir la responsabilidad social en materia de salud, en particular mediante indicadores de proceso, resultado e impacto en la salud en sus programas de capacitaci\u00f3n, investigaci\u00f3n y servicios.<\/span><\/p>\r\n<p style=\"text-align: justify;\"><span style=\"font-weight: 400;\">Promover a nivel Iberoamericano la armonizaci\u00f3n de las normas y los procesos de acreditaci\u00f3n de las facultades de medicina y otras escuelas de profesionales de la salud, permitiendo que se incluya el concepto de responsabilidad social en materia de salud, teniendo en cuenta al mismo tiempo la especificidad del contexto de la instituci\u00f3n.<\/span><\/p>\r\n<ol start=\"5\" style=\"text-align: justify;\">\r\n<li><b> Intercambios<\/b><\/li>\r\n<\/ol>\r\n<p style=\"text-align: justify;\">\u00a0<span style=\"font-weight: 400;\">Practicar una estrategia activa de intercambio y colaboraci\u00f3n entre los miembros de la RIRSS por una parte y, por otra, con las organizaciones nacionales e internacionales interesadas en los mismos objetivos de la Red.<\/span><\/p>\r\n<ol start=\"6\" style=\"text-align: justify;\">\r\n<li><b> Asociaciones<\/b><\/li>\r\n<\/ol>\r\n<p style=\"text-align: justify;\"><span style=\"font-weight: 400;\">Desarrollar asociaciones entre los principales agentes sanitarios a nivel local, regional y nacional, en particular en un territorio determinado, para la adopci\u00f3n de medidas eficaces dirigidas a un problema sanitario prioritario, mediante una distribuci\u00f3n \u00f3ptima de las funciones y obligaciones de cada uno.<\/span><\/p>\r\n<p style=\"text-align: justify;\"><span style=\"color: #e02b20;\"><b>La creaci\u00f3n de la RED (Antonio, cambiar y completar, ejemplo)<\/b><\/span><\/p>\r\n<p style=\"text-align: justify;\">\u00a0<span style=\"font-weight: 400; color: #0c71c3;\">Tomando como referencia la Red Internacional Franc\u00f3fona para la Responsabilidad Social en Salud, la Facultad de Medicina de la Universidad Miguel Hern\u00e1ndez, creo la puesta en marcha de esta Red Iberoamericana en agosto 2022, tras un seminario sobre RS en salud realizado en junio 2022 y con el acuerdo de los representantes de la Comisi\u00f3n curricular de la facultad de medicina y decanato, as\u00ed como, del equipo rectoral de la UMH, asumieron el reto de promover y desarrollar la Responsabilidad Social en Salud a trav\u00e9s de la colaboraci\u00f3n con los pa\u00edses hispano-lusos.\u00a0<\/span><\/p>\r\n<p style=\"text-align: justify;\"><b>\u00a0<\/b><span style=\"color: #e02b20;\"><b>\u00bfPor qu\u00e9 una Red de RS Iberoamericana en salud? A\u00f1adir Antonio<\/b><\/span><\/p>\r\n<p style=\"text-align: justify;\">\u00a0<span style=\"font-size: 14px;\">En primer lugar, porque nos une, no solamente unas lenguas como el espa\u00f1ol y el portugu\u00e9s, sino tambi\u00e9n porque tenemos una historia com\u00fan y una visi\u00f3n del mundo un tanto diferente.\u00a0<\/span><\/p>\r\n<p style=\"text-align: justify;\"><span style=\"font-weight: 400;\">Redefinir el concepto de RS para adaptarlo a las necesidades espec\u00edficas de nuestras respectivas sociedades y culturas, es un reto al cual tenemos el compromiso de responder de manera conjunta y responsable.<\/span><span style=\"font-weight: 400;\"><\/span><\/p>[\/et_pb_text][et_pb_text module_id=\"organizacionygestion\" _builder_version=\"4.17.4\" _module_preset=\"default\" header_2_line_height=\"1.5em\" global_colors_info=\"{}\"]<h2 style=\"text-align: justify;\"><b>Organizaci\u00f3n y Gesti\u00f3n\u00a0\u00a0\u00a0<\/b><\/h2>\r\n<p style=\"text-align: justify;\">\u00a0<span style=\"font-weight: 400;\">Esta secci\u00f3n se ir\u00e1 desarrollando a lo largo de los pr\u00f3ximos meses en funci\u00f3n de la adhesi\u00f3n de miembros, de facultades de ciencias de la salud, y partenariados de salud de los diferentes pa\u00edses.\u00a0<\/span><\/p>\r\n<p style=\"text-align: justify;\">\u00a0<span style=\"font-weight: 400;\">En un principio la organizaci\u00f3n y gesti\u00f3n ser\u00e1 llevada a cabo por la facultad de medicina de la Universidad Miguel Hern\u00e1ndez (Espa\u00f1a) hasta que se pueda implementar un organigrama de organizaci\u00f3n y gesti\u00f3n, as\u00ed como los correspondientes estatutos.\u00a0<\/span><\/p>[\/et_pb_text][\/et_pb_column][\/et_pb_row][\/et_pb_section]","_et_gb_content_width":"","_links_to":"","_links_to_target":""},"_links":{"self":[{"href":"https:\/\/rirss.org\/pt-pt\/wp-json\/wp\/v2\/pages\/1197"}],"collection":[{"href":"https:\/\/rirss.org\/pt-pt\/wp-json\/wp\/v2\/pages"}],"about":[{"href":"https:\/\/rirss.org\/pt-pt\/wp-json\/wp\/v2\/types\/page"}],"author":[{"embeddable":true,"href":"https:\/\/rirss.org\/pt-pt\/wp-json\/wp\/v2\/users\/3782"}],"replies":[{"embeddable":true,"href":"https:\/\/rirss.org\/pt-pt\/wp-json\/wp\/v2\/comments?post=1197"}],"version-history":[{"count":0,"href":"https:\/\/rirss.org\/pt-pt\/wp-json\/wp\/v2\/pages\/1197\/revisions"}],"wp:attachment":[{"href":"https:\/\/rirss.org\/pt-pt\/wp-json\/wp\/v2\/media?parent=1197"}],"curies":[{"name":"wp","href":"https:\/\/api.w.org\/{rel}","templated":true}]}}